{"id":32222,"date":"2022-04-26T10:44:54","date_gmt":"2022-04-26T08:44:54","guid":{"rendered":"https:\/\/twb2c.wpengine.com\/es\/homepage\/"},"modified":"2026-04-09T08:48:52","modified_gmt":"2026-04-09T06:48:52","slug":"blog","status":"publish","type":"page","link":"https:\/\/www.treatwell.es/in-the-glow\/","title":{"rendered":"Homepage"},"content":{"rendered":"\n<h1 class=\"wp-block-heading\">Blog &#8211; In The Glow<\/h1>\n\n\n\n<p>Tu pase de belleza VIP. Lo que puedes esperar. Lo que m\u00e1s te encaja. Encuentra inspiraci\u00f3n y una visi\u00f3n experta sobre los tratamientos en el Blog de Treatwell.<\/p>\n\n\n<section class=\"gb-block-post-grid featuredpost aligncenter button-more-link\"><div class=\"gb-post-grid-items is-grid columns-1\"><article id=\"post-33035\" class=\"gb-post-grid-item post-33035 post type-post status-publish format-standard has-post-thumbnail category-cortes-y-tendencias category-pelo entry\"><div class=\"gb-block-post-grid-image\"><a href=\"https:\/\/www.treatwell.es/in-the-glow\/guia-flequillos-tipos-formas-cara\/\" rel=\"bookmark\" aria-hidden=\"true\" tabindex=\"-1\"><img decoding=\"async\" width=\"750\" height=\"420\" data-src=\"https:\/\/www.treatwell.es/in-the-glow\/wp-content\/uploads\/sites\/10\/2026\/04\/Bangs_Featured-Image-750x420.png\" class=\"attachment-large-featured size-large-featured lazyload\" alt=\"\" data-srcset=\"https:\/\/www.treatwell.es/in-the-glow\/wp-content\/uploads\/sites\/10\/2026\/04\/Bangs_Featured-Image-750x420.png 750w, https:\/\/www.treatwell.es/in-the-glow\/wp-content\/uploads\/sites\/10\/2026\/04\/Bangs_Featured-Image-300x169.png 300w\" data-sizes=\"(max-width: 750px) 100vw, 750px\" src=\"data:image\/gif;base64,R0lGODlhAQABAAAAACH5BAEKAAEALAAAAAABAAEAAAICTAEAOw==\" style=\"--smush-placeholder-width: 750px; --smush-placeholder-aspect-ratio: 750\/420;\" \/><\/a><\/div><div class=\"gb-block-post-grid-text\"><header class=\"gb-block-post-grid-header\"><h3 class=\"gb-block-post-grid-title\"><a href=\"https:\/\/www.treatwell.es/in-the-glow\/guia-flequillos-tipos-formas-cara\/\" rel=\"bookmark\">La gu\u00eda de los flequillos: tu gu\u00eda definitiva para encontrar tu flequillo perfecto<\/a><\/h3><div class=\"gb-block-post-grid-byline\"><div class=\"gb-block-post-grid-author\" itemprop=\"author\" itemtype=\"https:\/\/schema.org\/Person\"><a class=\"gb-text-link\" href=\"https:\/\/www.treatwell.es/in-the-glow\/author\/miryam-amertreatwell-com\/\" itemprop=\"url\" rel=\"author\"><span itemprop=\"name\">Miryam Amer<\/span><\/a><\/div><time datetime=\"2026-04-22T14:56:22+02:00\" class=\"gb-block-post-grid-date\" itemprop=\"datePublished\">22 abril 2026<\/time><\/div><\/header><div class=\"gb-block-post-grid-excerpt\"><p>\u00bfAlguna vez te has quedado mirando el flequillo perfecto de alguien en el metro pensando &#8220;\u00bfme quedar\u00eda bien a m\u00ed?&#8221; No eres la \u00fanica. Ya busques un cambio sutil o una reinvenci\u00f3n total, el flequillo es una de las formas m\u00e1s f\u00e1ciles de transformar tu look sin comprometerte con un corte dr\u00e1stico. La parte complicada&hellip;<\/p>\n<p><a class=\"gb-block-post-grid-more-link gb-text-link\" href=\"https:\/\/www.treatwell.es/in-the-glow\/guia-flequillos-tipos-formas-cara\/\" rel=\"bookmark\">Sigue leyendo <span class=\"screen-reader-text\">La gu\u00eda de los flequillos: tu gu\u00eda definitiva para encontrar tu flequillo perfecto<\/span><\/a><\/p><\/div><\/div><\/article>\n<\/div><\/section>\n\n<section class=\"gb-block-post-grid featuredpost aligncenter button-more-link\"><div class=\"gb-post-grid-items is-grid columns-2\"><article id=\"post-33019\" class=\"gb-post-grid-item post-33019 post type-post status-publish format-standard has-post-thumbnail category-facial category-skincare-diario category-tratamientos-faciales-avanzados entry\"><div class=\"gb-block-post-grid-image\"><a href=\"https:\/\/www.treatwell.es/in-the-glow\/piel-agotada-granitos-y-verdades-sin-filtro-mollie-burdell-y-la-dra-shireen-te-cuentan-lo-que-tu-piel-intenta-decirte\/\" rel=\"bookmark\" aria-hidden=\"true\" tabindex=\"-1\"><img decoding=\"async\" width=\"630\" height=\"350\" data-src=\"https:\/\/www.treatwell.es/in-the-glow\/wp-content\/uploads\/sites\/10\/2026\/04\/Dr.-Shireen-Mollie-Burdell-at-Clinic-Ten-Treatwell-630x350.png\" class=\"attachment-medium-featured size-medium-featured lazyload\" alt=\"Dr. Shireen &amp; Mollie Burdell at Clinic Ten | Treatwell\" src=\"data:image\/gif;base64,R0lGODlhAQABAAAAACH5BAEKAAEALAAAAAABAAEAAAICTAEAOw==\" style=\"--smush-placeholder-width: 630px; --smush-placeholder-aspect-ratio: 630\/350;\" \/><\/a><\/div><div class=\"gb-block-post-grid-text\"><header class=\"gb-block-post-grid-header\"><h3 class=\"gb-block-post-grid-title\"><a href=\"https:\/\/www.treatwell.es/in-the-glow\/piel-agotada-granitos-y-verdades-sin-filtro-mollie-burdell-y-la-dra-shireen-te-cuentan-lo-que-tu-piel-intenta-decirte\/\" rel=\"bookmark\">Piel agotada, granitos y verdades sin filtro: Mollie Burdell y la Dra. Shireen te cuentan lo que tu piel intenta decirte<\/a><\/h3><div class=\"gb-block-post-grid-byline\"><div class=\"gb-block-post-grid-author\" itemprop=\"author\" itemtype=\"https:\/\/schema.org\/Person\"><a class=\"gb-text-link\" href=\"https:\/\/www.treatwell.es/in-the-glow\/author\/miryam-amertreatwell-com\/\" itemprop=\"url\" rel=\"author\"><span itemprop=\"name\">Miryam Amer<\/span><\/a><\/div><time datetime=\"2026-04-10T11:43:02+02:00\" class=\"gb-block-post-grid-date\" itemprop=\"datePublished\">10 abril 2026<\/time><\/div><\/header><div class=\"gb-block-post-grid-excerpt\"><p>Dentro de la Clinic Ten, en el coraz\u00f3n de Londres, encontramos a Mollie Burdell de SheerLuxe tumbada mientras la cosmet\u00f3loga Lana le pasa un cabezal de succi\u00f3n por&hellip;<\/p>\n<p><a class=\"gb-block-post-grid-more-link gb-text-link\" href=\"https:\/\/www.treatwell.es/in-the-glow\/piel-agotada-granitos-y-verdades-sin-filtro-mollie-burdell-y-la-dra-shireen-te-cuentan-lo-que-tu-piel-intenta-decirte\/\" rel=\"bookmark\">Sigue leyendo <span class=\"screen-reader-text\">Piel agotada, granitos y verdades sin filtro: Mollie Burdell y la Dra. Shireen te cuentan lo que tu piel intenta decirte<\/span><\/a><\/p><\/div><\/div><\/article>\n<article id=\"post-32999\" class=\"gb-post-grid-item post-32999 post type-post status-publish format-standard has-post-thumbnail category-tendencias entry\"><div class=\"gb-block-post-grid-image\"><a href=\"https:\/\/www.treatwell.es/in-the-glow\/tendencias-de-belleza-para-esta-primavera-2026-pelo-unas-y-cejas-que-merece-la-pena-reservar-esta-temporada\/\" rel=\"bookmark\" aria-hidden=\"true\" tabindex=\"-1\"><img decoding=\"async\" width=\"630\" height=\"350\" data-src=\"https:\/\/www.treatwell.es/in-the-glow\/wp-content\/uploads\/sites\/10\/2026\/03\/MP-11-03-26-S-Featured-image-630x350.png\" class=\"attachment-medium-featured size-medium-featured lazyload\" alt=\"Tendencias de belleza para la primavera de 2026 | Treatwell\" src=\"data:image\/gif;base64,R0lGODlhAQABAAAAACH5BAEKAAEALAAAAAABAAEAAAICTAEAOw==\" style=\"--smush-placeholder-width: 630px; --smush-placeholder-aspect-ratio: 630\/350;\" \/><\/a><\/div><div class=\"gb-block-post-grid-text\"><header class=\"gb-block-post-grid-header\"><h3 class=\"gb-block-post-grid-title\"><a href=\"https:\/\/www.treatwell.es/in-the-glow\/tendencias-de-belleza-para-esta-primavera-2026-pelo-unas-y-cejas-que-merece-la-pena-reservar-esta-temporada\/\" rel=\"bookmark\">Tendencias de belleza para esta primavera 2026: pelo, u\u00f1as y cejas que merece la pena reservar esta temporada<\/a><\/h3><div class=\"gb-block-post-grid-byline\"><div class=\"gb-block-post-grid-author\" itemprop=\"author\" itemtype=\"https:\/\/schema.org\/Person\"><a class=\"gb-text-link\" href=\"https:\/\/www.treatwell.es/in-the-glow\/author\/miryam-amertreatwell-com\/\" itemprop=\"url\" rel=\"author\"><span itemprop=\"name\">Miryam Amer<\/span><\/a><\/div><time datetime=\"2026-03-19T14:58:09+01:00\" class=\"gb-block-post-grid-date\" itemprop=\"datePublished\">19 marzo 2026<\/time><\/div><\/header><div class=\"gb-block-post-grid-excerpt\"><p>De las Bambi nails al corte butterfly pasando por las pesta\u00f1as manga. Aqu\u00ed tienes todas las tendencias que necesitas conocer (y d\u00f3nde reservarlas). Nueva temporada, nuevas obsesiones La&hellip;<\/p>\n<p><a class=\"gb-block-post-grid-more-link gb-text-link\" href=\"https:\/\/www.treatwell.es/in-the-glow\/tendencias-de-belleza-para-esta-primavera-2026-pelo-unas-y-cejas-que-merece-la-pena-reservar-esta-temporada\/\" rel=\"bookmark\">Sigue leyendo <span class=\"screen-reader-text\">Tendencias de belleza para esta primavera 2026: pelo, u\u00f1as y cejas que merece la pena reservar esta temporada<\/span><\/a><\/p><\/div><\/div><\/article>\n<\/div><\/section>\n\n<section class=\"gb-block-post-grid featuredpost aligncenter\"><div class=\"gb-post-grid-items is-list\"><article id=\"post-32987\" class=\"gb-post-grid-item post-32987 post type-post status-publish format-standard has-post-thumbnail category-facial category-tratamientos-faciales-avanzados entry\"><div class=\"gb-block-post-grid-image\"><a href=\"https:\/\/www.treatwell.es/in-the-glow\/tratamientos-faciales-de-primavera-11-tratamientos-que-tu-piel-estaba-esperando\/\" rel=\"bookmark\" aria-hidden=\"true\" tabindex=\"-1\"><img decoding=\"async\" width=\"630\" height=\"350\" data-src=\"https:\/\/www.treatwell.es/in-the-glow\/wp-content\/uploads\/sites\/10\/2026\/03\/Feature-Image-630x350.png\" class=\"attachment-medium-featured size-medium-featured lazyload\" alt=\"Tratamientos faciales de primavera | Treatwell\" src=\"data:image\/gif;base64,R0lGODlhAQABAAAAACH5BAEKAAEALAAAAAABAAEAAAICTAEAOw==\" style=\"--smush-placeholder-width: 630px; --smush-placeholder-aspect-ratio: 630\/350;\" \/><\/a><\/div><div class=\"gb-block-post-grid-text\"><header class=\"gb-block-post-grid-header\"><h3 class=\"gb-block-post-grid-title\"><a href=\"https:\/\/www.treatwell.es/in-the-glow\/tratamientos-faciales-de-primavera-11-tratamientos-que-tu-piel-estaba-esperando\/\" rel=\"bookmark\">Tratamientos faciales de primavera: 11 tratamientos que tu piel estaba esperando<\/a><\/h3><div class=\"gb-block-post-grid-byline\"><div class=\"gb-block-post-grid-author\" itemprop=\"author\" itemtype=\"https:\/\/schema.org\/Person\"><a class=\"gb-text-link\" href=\"https:\/\/www.treatwell.es/in-the-glow\/author\/miryam-amertreatwell-com\/\" itemprop=\"url\" rel=\"author\"><span itemprop=\"name\">Miryam Amer<\/span><\/a><\/div><time datetime=\"2026-03-13T17:19:47+01:00\" class=\"gb-block-post-grid-date\" itemprop=\"datePublished\">13 marzo 2026<\/time><\/div><\/header><div class=\"gb-block-post-grid-excerpt\"><p>Tu piel ha sobrevivido al invierno. Apenas. Estos son los 11 tratamientos faciales profesionales (desde el Hydrafacial al microneedling) \u2013 que van&hellip;<\/p>\n<p><a class=\"gb-block-post-grid-more-link gb-text-link\" href=\"https:\/\/www.treatwell.es/in-the-glow\/tratamientos-faciales-de-primavera-11-tratamientos-que-tu-piel-estaba-esperando\/\" rel=\"bookmark\">Sigue leyendo <span class=\"screen-reader-text\">Tratamientos faciales de primavera: 11 tratamientos que tu piel estaba esperando<\/span><\/a><\/p><\/div><\/div><\/article>\n<article id=\"post-32977\" class=\"gb-post-grid-item post-32977 post type-post status-publish format-standard has-post-thumbnail category-facial category-tratamientos-faciales-avanzados entry\"><div class=\"gb-block-post-grid-image\"><a href=\"https:\/\/www.treatwell.es/in-the-glow\/acupuntura-facial-una-guia-completa-sobre-los-beneficios-como-funciona-y-que-esperar\/\" rel=\"bookmark\" aria-hidden=\"true\" tabindex=\"-1\"><img decoding=\"async\" width=\"630\" height=\"350\" data-src=\"https:\/\/www.treatwell.es/in-the-glow\/wp-content\/uploads\/sites\/10\/2026\/03\/MP-S-4-2-26-Featured-image-630x350.png\" class=\"attachment-medium-featured size-medium-featured lazyload\" alt=\"Acupuntura facial | Treatwell\" src=\"data:image\/gif;base64,R0lGODlhAQABAAAAACH5BAEKAAEALAAAAAABAAEAAAICTAEAOw==\" style=\"--smush-placeholder-width: 630px; --smush-placeholder-aspect-ratio: 630\/350;\" \/><\/a><\/div><div class=\"gb-block-post-grid-text\"><header class=\"gb-block-post-grid-header\"><h3 class=\"gb-block-post-grid-title\"><a href=\"https:\/\/www.treatwell.es/in-the-glow\/acupuntura-facial-una-guia-completa-sobre-los-beneficios-como-funciona-y-que-esperar\/\" rel=\"bookmark\">Acupuntura facial: una gu\u00eda completa sobre los beneficios, c\u00f3mo funciona y qu\u00e9 esperar<\/a><\/h3><div class=\"gb-block-post-grid-byline\"><div class=\"gb-block-post-grid-author\" itemprop=\"author\" itemtype=\"https:\/\/schema.org\/Person\"><a class=\"gb-text-link\" href=\"https:\/\/www.treatwell.es/in-the-glow\/author\/miryam-amertreatwell-com\/\" itemprop=\"url\" rel=\"author\"><span itemprop=\"name\">Miryam Amer<\/span><\/a><\/div><time datetime=\"2026-03-09T12:30:45+01:00\" class=\"gb-block-post-grid-date\" itemprop=\"datePublished\">9 marzo 2026<\/time><\/div><\/header><div class=\"gb-block-post-grid-excerpt\"><p>Peque\u00f1as agujas, pero un gran glow. La acupuntura facial crea microestimulaciones que despiertan tu col\u00e1geno, l\u00edneas de expresi\u00f3n y reafirman tu piel.&hellip;<\/p>\n<p><a class=\"gb-block-post-grid-more-link gb-text-link\" href=\"https:\/\/www.treatwell.es/in-the-glow\/acupuntura-facial-una-guia-completa-sobre-los-beneficios-como-funciona-y-que-esperar\/\" rel=\"bookmark\">Sigue leyendo <span class=\"screen-reader-text\">Acupuntura facial: una gu\u00eda completa sobre los beneficios, c\u00f3mo funciona y qu\u00e9 esperar<\/span><\/a><\/p><\/div><\/div><\/article>\n<article id=\"post-32970\" class=\"gb-post-grid-item post-32970 post type-post status-publish format-standard has-post-thumbnail category-como-elegir-tu-masaje category-masajes entry\"><div class=\"gb-block-post-grid-image\"><a href=\"https:\/\/www.treatwell.es/in-the-glow\/masaje-sueco-vs-masaje-tailandes-diferencias-clave\/\" rel=\"bookmark\" aria-hidden=\"true\" tabindex=\"-1\"><img decoding=\"async\" width=\"630\" height=\"350\" data-src=\"https:\/\/www.treatwell.es/in-the-glow\/wp-content\/uploads\/sites\/10\/2026\/02\/MP-E-3-2-26-Featured-image-1-630x350.png\" class=\"attachment-medium-featured size-medium-featured lazyload\" alt=\"Masaje sueco vs tailand\u00e9s | Treatwell\" src=\"data:image\/gif;base64,R0lGODlhAQABAAAAACH5BAEKAAEALAAAAAABAAEAAAICTAEAOw==\" style=\"--smush-placeholder-width: 630px; --smush-placeholder-aspect-ratio: 630\/350;\" \/><\/a><\/div><div class=\"gb-block-post-grid-text\"><header class=\"gb-block-post-grid-header\"><h3 class=\"gb-block-post-grid-title\"><a href=\"https:\/\/www.treatwell.es/in-the-glow\/masaje-sueco-vs-masaje-tailandes-diferencias-clave\/\" rel=\"bookmark\">Masaje sueco vs masaje tailand\u00e9s: diferencias clave\u00a0<\/a><\/h3><div class=\"gb-block-post-grid-byline\"><div class=\"gb-block-post-grid-author\" itemprop=\"author\" itemtype=\"https:\/\/schema.org\/Person\"><a class=\"gb-text-link\" href=\"https:\/\/www.treatwell.es/in-the-glow\/author\/miryam-amertreatwell-com\/\" itemprop=\"url\" rel=\"author\"><span itemprop=\"name\">Miryam Amer<\/span><\/a><\/div><time datetime=\"2026-02-26T11:18:59+01:00\" class=\"gb-block-post-grid-date\" itemprop=\"datePublished\">26 febrero 2026<\/time><\/div><\/header><div class=\"gb-block-post-grid-excerpt\"><p>Si tu objetivo es quitarte el estr\u00e9s con golpecitos suaves, qu\u00e9date con el masaje sueco. Si necesitas ponerle remedio a ese cuello&hellip;<\/p>\n<p><a class=\"gb-block-post-grid-more-link gb-text-link\" href=\"https:\/\/www.treatwell.es/in-the-glow\/masaje-sueco-vs-masaje-tailandes-diferencias-clave\/\" rel=\"bookmark\">Sigue leyendo <span class=\"screen-reader-text\">Masaje sueco vs masaje tailand\u00e9s: diferencias clave\u00a0<\/span><\/a><\/p><\/div><\/div><\/article>\n<article id=\"post-32963\" class=\"gb-post-grid-item post-32963 post type-post status-publish format-standard has-post-thumbnail category-pelo entry\"><div class=\"gb-block-post-grid-image\"><a href=\"https:\/\/www.treatwell.es/in-the-glow\/cual-es-tu-tipo-de-cabello-la-prueba-de-3-pasos-que-realmente-funciona\/\" rel=\"bookmark\" aria-hidden=\"true\" tabindex=\"-1\"><img decoding=\"async\" width=\"630\" height=\"350\" data-src=\"https:\/\/www.treatwell.es/in-the-glow\/wp-content\/uploads\/sites\/10\/2026\/02\/MP-E-3-2-26-Featured-image-630x350.png\" class=\"attachment-medium-featured size-medium-featured lazyload\" alt=\"\u00bfCu\u00e1l es tu tipo de cabello? | Treatwell\" src=\"data:image\/gif;base64,R0lGODlhAQABAAAAACH5BAEKAAEALAAAAAABAAEAAAICTAEAOw==\" style=\"--smush-placeholder-width: 630px; --smush-placeholder-aspect-ratio: 630\/350;\" \/><\/a><\/div><div class=\"gb-block-post-grid-text\"><header class=\"gb-block-post-grid-header\"><h3 class=\"gb-block-post-grid-title\"><a href=\"https:\/\/www.treatwell.es/in-the-glow\/cual-es-tu-tipo-de-cabello-la-prueba-de-3-pasos-que-realmente-funciona\/\" rel=\"bookmark\">\u00bfCu\u00e1l es tu tipo de cabello? La prueba de 3 pasos que realmente funciona<\/a><\/h3><div class=\"gb-block-post-grid-byline\"><div class=\"gb-block-post-grid-author\" itemprop=\"author\" itemtype=\"https:\/\/schema.org\/Person\"><a class=\"gb-text-link\" href=\"https:\/\/www.treatwell.es/in-the-glow\/author\/miryam-amertreatwell-com\/\" itemprop=\"url\" rel=\"author\"><span itemprop=\"name\">Miryam Amer<\/span><\/a><\/div><time datetime=\"2026-02-19T16:38:33+01:00\" class=\"gb-block-post-grid-date\" itemprop=\"datePublished\">19 febrero 2026<\/time><\/div><\/header><div class=\"gb-block-post-grid-excerpt\"><p>Para identificar tu tipo de pelo exacto, basta con realizar una sencilla prueba de lavado y secado al aire, combin\u00e1ndola con una&hellip;<\/p>\n<p><a class=\"gb-block-post-grid-more-link gb-text-link\" href=\"https:\/\/www.treatwell.es/in-the-glow\/cual-es-tu-tipo-de-cabello-la-prueba-de-3-pasos-que-realmente-funciona\/\" rel=\"bookmark\">Sigue leyendo <span class=\"screen-reader-text\">\u00bfCu\u00e1l es tu tipo de cabello? La prueba de 3 pasos que realmente funciona<\/span><\/a><\/p><\/div><\/div><\/article>\n<article id=\"post-32956\" class=\"gb-post-grid-item post-32956 post type-post status-publish format-standard has-post-thumbnail category-tendencias entry\"><div class=\"gb-block-post-grid-image\"><a href=\"https:\/\/www.treatwell.es/in-the-glow\/galentines-day-la-guia-definitiva\/\" rel=\"bookmark\" aria-hidden=\"true\" tabindex=\"-1\"><img decoding=\"async\" width=\"630\" height=\"350\" data-src=\"https:\/\/www.treatwell.es/in-the-glow\/wp-content\/uploads\/sites\/10\/2026\/02\/MPB1226-Featured-image-630x350.png\" class=\"attachment-medium-featured size-medium-featured lazyload\" alt=\"Galentine\u2019s Day | Treatwell\" src=\"data:image\/gif;base64,R0lGODlhAQABAAAAACH5BAEKAAEALAAAAAABAAEAAAICTAEAOw==\" style=\"--smush-placeholder-width: 630px; --smush-placeholder-aspect-ratio: 630\/350;\" \/><\/a><\/div><div class=\"gb-block-post-grid-text\"><header class=\"gb-block-post-grid-header\"><h3 class=\"gb-block-post-grid-title\"><a href=\"https:\/\/www.treatwell.es/in-the-glow\/galentines-day-la-guia-definitiva\/\" rel=\"bookmark\">Galentine\u2019s Day: la gu\u00eda definitiva<\/a><\/h3><div class=\"gb-block-post-grid-byline\"><div class=\"gb-block-post-grid-author\" itemprop=\"author\" itemtype=\"https:\/\/schema.org\/Person\"><a class=\"gb-text-link\" href=\"https:\/\/www.treatwell.es/in-the-glow\/author\/miryam-amertreatwell-com\/\" itemprop=\"url\" rel=\"author\"><span itemprop=\"name\">Miryam Amer<\/span><\/a><\/div><time datetime=\"2026-02-10T16:56:48+01:00\" class=\"gb-block-post-grid-date\" itemprop=\"datePublished\">10 febrero 2026<\/time><\/div><\/header><div class=\"gb-block-post-grid-excerpt\"><p>Galentine\u2019s Day nace un 13 de febrero como celebraci\u00f3n de la amistad y el autocuidado sin l\u00edmites, aka la excusa perfecta para&hellip;<\/p>\n<p><a class=\"gb-block-post-grid-more-link gb-text-link\" href=\"https:\/\/www.treatwell.es/in-the-glow\/galentines-day-la-guia-definitiva\/\" rel=\"bookmark\">Sigue leyendo <span class=\"screen-reader-text\">Galentine\u2019s Day: la gu\u00eda definitiva<\/span><\/a><\/p><\/div><\/div><\/article>\n<article id=\"post-32878\" class=\"gb-post-grid-item post-32878 post type-post status-publish format-standard has-post-thumbnail category-senza-categoria entry\"><div class=\"gb-block-post-grid-image\"><a href=\"https:\/\/www.treatwell.es/in-the-glow\/cortes-pelo-color-mujer-tendencia-nombres\/\" rel=\"bookmark\" aria-hidden=\"true\" tabindex=\"-1\"><img decoding=\"async\" width=\"630\" height=\"350\" data-src=\"https:\/\/www.treatwell.es/in-the-glow\/wp-content\/uploads\/sites\/10\/2025\/03\/shutterstock_editorial_9085005w-ezgif.com-resize-630x350.jpg\" class=\"attachment-medium-featured size-medium-featured lazyload\" alt=\"cortes pelo mujer bob\" src=\"data:image\/gif;base64,R0lGODlhAQABAAAAACH5BAEKAAEALAAAAAABAAEAAAICTAEAOw==\" style=\"--smush-placeholder-width: 630px; --smush-placeholder-aspect-ratio: 630\/350;\" \/><\/a><\/div><div class=\"gb-block-post-grid-text\"><header class=\"gb-block-post-grid-header\"><h3 class=\"gb-block-post-grid-title\"><a href=\"https:\/\/www.treatwell.es/in-the-glow\/cortes-pelo-color-mujer-tendencia-nombres\/\" rel=\"bookmark\">Hairphabet SS25: cortes y tendencias que dominar\u00e1n tu feed<\/a><\/h3><div class=\"gb-block-post-grid-byline\"><div class=\"gb-block-post-grid-author\" itemprop=\"author\" itemtype=\"https:\/\/schema.org\/Person\"><a class=\"gb-text-link\" href=\"https:\/\/www.treatwell.es/in-the-glow\/author\/miryam-amertreatwell-com\/\" itemprop=\"url\" rel=\"author\"><span itemprop=\"name\">Miryam Amer<\/span><\/a><\/div><time datetime=\"2025-03-14T15:35:06+01:00\" class=\"gb-block-post-grid-date\" itemprop=\"datePublished\">14 marzo 2025<\/time><\/div><\/header><div class=\"gb-block-post-grid-excerpt\"><p>Photo by Dvora\/Shutterstock Hablar de cortes y colores de pelo para mujer esta temporada es como escribir una nueva historia de amor\u2026&hellip;<\/p>\n<p><a class=\"gb-block-post-grid-more-link gb-text-link\" href=\"https:\/\/www.treatwell.es/in-the-glow\/cortes-pelo-color-mujer-tendencia-nombres\/\" rel=\"bookmark\">Sigue leyendo <span class=\"screen-reader-text\">Hairphabet SS25: cortes y tendencias que dominar\u00e1n tu feed<\/span><\/a><\/p><\/div><\/div><\/article>\n<\/div><\/section>","protected":false},"excerpt":{"rendered":"<p>Blog &#8211; In The Glow Tu pase de belleza VIP. Lo que puedes esperar. Lo que m\u00e1s te encaja. Encuentra inspiraci\u00f3n y una visi\u00f3n experta sobre los tratamientos en el Blog de Treatwell.<\/p>\n","protected":false},"author":3398,"featured_media":0,"parent":0,"menu_order":0,"comment_status":"closed","ping_status":"closed","template":"","meta":{"_acf_changed":false,"_genesis_hide_title":true,"_genesis_hide_breadcrumbs":true,"_genesis_hide_singular_image":true,"_genesis_hide_footer_widgets":false,"_genesis_custom_body_class":"","_genesis_custom_post_class":"","_genesis_layout":"content-sidebar","saswp_custom_schema_field":"","footnotes":""},"class_list":{"0":"post-32222","1":"page","2":"type-page","3":"status-publish","5":"entry"},"acf":[],"yoast_head":"<!-- This site is optimized with the Yoast SEO plugin v27.5 - https:\/\/yoast.com\/product\/yoast-seo-wordpress\/ -->\n<title>La Biblioteca de los Tratamientos | Treatwell<\/title>\n<meta name=\"description\" content=\"Tu pase de belleza VIP. Lo que puedes esperar. Lo que m\u00e1s te encaja. Encuentra inspiraci\u00f3n y una visi\u00f3n experta sobre los tratamientos en el Blog de Treatwell.\" \/>\n<meta name=\"robots\" content=\"index, follow, max-snippet:-1, max-image-preview:large, max-video-preview:-1\" \/>\n<link rel=\"canonical\" href=\"https:\/\/www.treatwell.es/in-the-glow\/\" \/>\n<meta property=\"og:locale\" content=\"es_ES\" \/>\n<meta property=\"og:type\" content=\"article\" \/>\n<meta property=\"og:title\" content=\"La Biblioteca de los Tratamientos | Treatwell\" \/>\n<meta property=\"og:description\" content=\"Tu pase de belleza VIP. Lo que puedes esperar. Lo que m\u00e1s te encaja. Encuentra inspiraci\u00f3n y una visi\u00f3n experta sobre los tratamientos en el Blog de Treatwell.\" \/>\n<meta property=\"og:url\" content=\"https:\/\/www.treatwell.es/in-the-glow\/\" \/>\n<meta property=\"og:site_name\" content=\"In The Glow\" \/>\n<meta property=\"article:modified_time\" content=\"2026-04-09T06:48:52+00:00\" \/>\n<meta name=\"twitter:card\" content=\"summary_large_image\" \/>\n<meta name=\"twitter:label1\" content=\"Tiempo de lectura\" \/>\n\t<meta name=\"twitter:data1\" content=\"1 minuto\" \/>\n<script type=\"application\/ld+json\" class=\"yoast-schema-graph\">{\"@context\":\"https:\\\/\\\/schema.org\",\"@graph\":[{\"@type\":\"WebPage\",\"@id\":\"https:\\\/\\\/www.treatwell.es/in-the-glow\\\/\",\"url\":\"https:\\\/\\\/www.treatwell.es/in-the-glow\\\/\",\"name\":\"La Biblioteca de los Tratamientos | Treatwell\",\"isPartOf\":{\"@id\":\"https:\\\/\\\/www.treatwell.es/in-the-glow\\\/#website\"},\"datePublished\":\"2022-04-26T08:44:54+00:00\",\"dateModified\":\"2026-04-09T06:48:52+00:00\",\"description\":\"Tu pase de belleza VIP. Lo que puedes esperar. Lo que m\u00e1s te encaja. Encuentra inspiraci\u00f3n y una visi\u00f3n experta sobre los tratamientos en el Blog de Treatwell.\",\"breadcrumb\":{\"@id\":\"https:\\\/\\\/www.treatwell.es/in-the-glow\\\/#breadcrumb\"},\"inLanguage\":\"es\",\"potentialAction\":[{\"@type\":\"ReadAction\",\"target\":[\"https:\\\/\\\/www.treatwell.es/in-the-glow\\\/\"]}]},{\"@type\":\"BreadcrumbList\",\"@id\":\"https:\\\/\\\/www.treatwell.es/in-the-glow\\\/#breadcrumb\",\"itemListElement\":[{\"@type\":\"ListItem\",\"position\":1,\"name\":\"Home\",\"item\":\"https:\\\/\\\/www.treatwell.es/in-the-glow\\\/\"},{\"@type\":\"ListItem\",\"position\":2,\"name\":\"Homepage\"}]},{\"@type\":\"WebSite\",\"@id\":\"https:\\\/\\\/www.treatwell.es/in-the-glow\\\/#website\",\"url\":\"https:\\\/\\\/www.treatwell.es/in-the-glow\\\/\",\"name\":\"In The Glow\",\"description\":\"Belleza. Pelo. Lifestyle.\",\"publisher\":{\"@id\":\"https:\\\/\\\/www.treatwell.es/in-the-glow\\\/#organization\"},\"potentialAction\":[{\"@type\":\"SearchAction\",\"target\":{\"@type\":\"EntryPoint\",\"urlTemplate\":\"https:\\\/\\\/www.treatwell.es/in-the-glow\\\/?s={search_term_string}\"},\"query-input\":{\"@type\":\"PropertyValueSpecification\",\"valueRequired\":true,\"valueName\":\"search_term_string\"}}],\"inLanguage\":\"es\"},{\"@type\":\"Organization\",\"@id\":\"https:\\\/\\\/www.treatwell.es/in-the-glow\\\/#organization\",\"name\":\"Treatwell\",\"url\":\"https:\\\/\\\/www.treatwell.es/in-the-glow\\\/\",\"logo\":{\"@type\":\"ImageObject\",\"inLanguage\":\"es\",\"@id\":\"https:\\\/\\\/www.treatwell.es/in-the-glow\\\/#\\\/schema\\\/logo\\\/image\\\/\",\"url\":\"https:\\\/\\\/www.treatwell.es/in-the-glow\\\/wp-content\\\/uploads\\\/sites\\\/10\\\/2022\\\/03\\\/logo_treatwell.png\",\"contentUrl\":\"https:\\\/\\\/www.treatwell.es/in-the-glow\\\/wp-content\\\/uploads\\\/sites\\\/10\\\/2022\\\/03\\\/logo_treatwell.png\",\"width\":889,\"height\":164,\"caption\":\"Treatwell\"},\"image\":{\"@id\":\"https:\\\/\\\/www.treatwell.es/in-the-glow\\\/#\\\/schema\\\/logo\\\/image\\\/\"}}]}<\/script>\n<!-- \/ Yoast SEO plugin. -->","yoast_head_json":{"title":"La Biblioteca de los Tratamientos | Treatwell","description":"Tu pase de belleza VIP. Lo que puedes esperar. Lo que m\u00e1s te encaja. Encuentra inspiraci\u00f3n y una visi\u00f3n experta sobre los tratamientos en el Blog de Treatwell.","robots":{"index":"index","follow":"follow","max-snippet":"max-snippet:-1","max-image-preview":"max-image-preview:large","max-video-preview":"max-video-preview:-1"},"canonical":"https:\/\/www.treatwell.es/in-the-glow\/","og_locale":"es_ES","og_type":"article","og_title":"La Biblioteca de los Tratamientos | Treatwell","og_description":"Tu pase de belleza VIP. Lo que puedes esperar. Lo que m\u00e1s te encaja. Encuentra inspiraci\u00f3n y una visi\u00f3n experta sobre los tratamientos en el Blog de Treatwell.","og_url":"https:\/\/www.treatwell.es/in-the-glow\/","og_site_name":"In The Glow","article_modified_time":"2026-04-09T06:48:52+00:00","twitter_card":"summary_large_image","twitter_misc":{"Tiempo de lectura":"1 minuto"},"schema":{"@context":"https:\/\/schema.org","@graph":[{"@type":"WebPage","@id":"https:\/\/www.treatwell.es/in-the-glow\/","url":"https:\/\/www.treatwell.es/in-the-glow\/","name":"La Biblioteca de los Tratamientos | Treatwell","isPartOf":{"@id":"https:\/\/www.treatwell.es/in-the-glow\/#website"},"datePublished":"2022-04-26T08:44:54+00:00","dateModified":"2026-04-09T06:48:52+00:00","description":"Tu pase de belleza VIP. Lo que puedes esperar. Lo que m\u00e1s te encaja. Encuentra inspiraci\u00f3n y una visi\u00f3n experta sobre los tratamientos en el Blog de Treatwell.","breadcrumb":{"@id":"https:\/\/www.treatwell.es/in-the-glow\/#breadcrumb"},"inLanguage":"es","potentialAction":[{"@type":"ReadAction","target":["https:\/\/www.treatwell.es/in-the-glow\/"]}]},{"@type":"BreadcrumbList","@id":"https:\/\/www.treatwell.es/in-the-glow\/#breadcrumb","itemListElement":[{"@type":"ListItem","position":1,"name":"Home","item":"https:\/\/www.treatwell.es/in-the-glow\/"},{"@type":"ListItem","position":2,"name":"Homepage"}]},{"@type":"WebSite","@id":"https:\/\/www.treatwell.es/in-the-glow\/#website","url":"https:\/\/www.treatwell.es/in-the-glow\/","name":"In The Glow","description":"Belleza. Pelo. Lifestyle.","publisher":{"@id":"https:\/\/www.treatwell.es/in-the-glow\/#organization"},"potentialAction":[{"@type":"SearchAction","target":{"@type":"EntryPoint","urlTemplate":"https:\/\/www.treatwell.es/in-the-glow\/?s={search_term_string}"},"query-input":{"@type":"PropertyValueSpecification","valueRequired":true,"valueName":"search_term_string"}}],"inLanguage":"es"},{"@type":"Organization","@id":"https:\/\/www.treatwell.es/in-the-glow\/#organization","name":"Treatwell","url":"https:\/\/www.treatwell.es/in-the-glow\/","logo":{"@type":"ImageObject","inLanguage":"es","@id":"https:\/\/www.treatwell.es/in-the-glow\/#\/schema\/logo\/image\/","url":"https:\/\/www.treatwell.es/in-the-glow\/wp-content\/uploads\/sites\/10\/2022\/03\/logo_treatwell.png","contentUrl":"https:\/\/www.treatwell.es/in-the-glow\/wp-content\/uploads\/sites\/10\/2022\/03\/logo_treatwell.png","width":889,"height":164,"caption":"Treatwell"},"image":{"@id":"https:\/\/www.treatwell.es/in-the-glow\/#\/schema\/logo\/image\/"}}]}},"featured_image_src":null,"featured_image_src_square":null,"_links":{"self":[{"href":"https:\/\/www.treatwell.es\/in-the-glow\/wp-json\/wp\/v2\/pages\/32222","targetHints":{"allow":["GET"]}}],"collection":[{"href":"https:\/\/www.treatwell.es\/in-the-glow\/wp-json\/wp\/v2\/pages"}],"about":[{"href":"https:\/\/www.treatwell.es\/in-the-glow\/wp-json\/wp\/v2\/types\/page"}],"author":[{"embeddable":true,"href":"https:\/\/www.treatwell.es\/in-the-glow\/wp-json\/wp\/v2\/users\/3398"}],"replies":[{"embeddable":true,"href":"https:\/\/www.treatwell.es\/in-the-glow\/wp-json\/wp\/v2\/comments?post=32222"}],"version-history":[{"count":0,"href":"https:\/\/www.treatwell.es\/in-the-glow\/wp-json\/wp\/v2\/pages\/32222\/revisions"}],"wp:attachment":[{"href":"https:\/\/www.treatwell.es\/in-the-glow\/wp-json\/wp\/v2\/media?parent=32222"}],"curies":[{"name":"wp","href":"https:\/\/api.w.org\/{rel}","templated":true}]}}